{"id":242192,"date":"2025-12-16T06:54:52","date_gmt":"2025-12-16T06:54:52","guid":{"rendered":"https:\/\/intlweloveu.org\/?post_type=award&#038;p=242192"},"modified":"2026-04-15T02:14:28","modified_gmt":"2026-04-15T02:14:28","slug":"251216-ministerial-resolution-mimp","status":"publish","type":"award","link":"https:\/\/intlweloveu.org\/es\/award\/251216-ministerial-resolution-mimp\/","title":{"rendered":"Resoluci\u00f3n de la Ministra de la Mujer y Poblaciones Vulnerables, PER\u00da"},"content":{"rendered":"<p>Lima, 16 de Diciembre del 2025<\/p>\n<p><strong><strong><strong>RESOLUCI\u00d3N MINISTERIAL N\u00b0 000443-2025-MIMP<\/strong><\/strong><\/strong><\/p>\n<p><strong>VISTOS,<\/strong> los Informes N\u00b0D000269-2025-CONADIS-SDRID-BERP y N\u00b0 D000016-2025-CONADIS-SDSPGE-MALO de la Direcci\u00f3n de Promoci\u00f3n, Registro e Intervenciones para las Personas con Discapacidad y la Subdirecci\u00f3n de Seguimiento de Pol\u00edticas y Generaci\u00f3n de Evidencia del Consejo Nacional para la Integraci\u00f3n de la Persona con Discapacidad; el Memor\u00e1ndum N\u00b0 D001516-2025-MIMP-DVMPV del Despacho Viceministerial de Poblaciones Vulnerables; la Nota N\u00b0 D000337-2025-MIMP-OGAJ de la Oficina General de Asesor\u00eda Jur\u00eddica; y,<\/p>\n<p><strong>CONSIDERANDO:<\/strong><br>Que, de conformidad con los art\u00edculos 2 y 3 de la Ley de Organizaci\u00f3n y Funciones del Ministerio de la Mujer y Poblaciones Vulnerables, aprobada por el Decreto Legislativo N\u00b0 1098, el Ministerio de la Mujer y Poblaciones Vulnerables (MIMP) es el organismo de Poder Ejecutivo rector en las pol\u00edticas nacionales y sectoriales sobre mujer, as\u00ed como, promoci\u00f3n y protecci\u00f3n de las poblaciones vulnerables, que tiene como finalidad dise\u00f1ar, establecer, promover, ejecutar y supervisar pol\u00edticas p\u00fablicas a favor de las mujeres y de las poblaciones vulnerables consideradas como grupos de personas que sufren discriminaci\u00f3n o situaciones de desprotecci\u00f3n con el objeto de garantizar sus derechos, con visi\u00f3n intersectorial;<\/p>\n<p>Que, conforme con lo establecido en el literal d) del art\u00edculo 6 de la ley antes citada, el MIMP tiene competencias exclusivas y excluyentes, en el territorio nacional, entre otros, respecto de la representaci\u00f3n del sector mujer y poblaciones vulnerables ante organismos p\u00fablicos y privados,<\/p>\n<p>Que, la Ley N\u00b0 29973, Ley General de la Persona con Discapacidad, establece que el Consejo Nacional para la Integraci\u00f3n de la Persona con Discapacidad (CONADIS), es un \u00d3rgano P\u00fablico Ejecutor, adscrito al MIMP, especializado en cuestiones relativas a la discapacidad, entre sus funciones se encuentra formular, planificar, dirigir, coordinar, ejecutar, supervisar y evaluar las pol\u00edticas nacionales y sectoriales en materia de discapacidad;<\/p>\n<p>Que, la Ley antes mencionada reconoce que la persona con discapacidad tiene derecho a acceder en igualdad de condiciones que las dem\u00e1s, al entorno f\u00edsico, los medios de transporte, los servicios, de la manera m\u00e1s aut\u00f3noma y segura posible;<\/p>\n<p>Que, al Pol\u00edtica Nacional Multisectorial en Discapacidad al 2030, aprobada por Decreto Supremo N\u00b0 007-2021 MIMP, establece como uno de los lineamientos del Objetivo Prioritario 03, a la \u201cGesti\u00f3n del acceso a tecnolog\u00edas de apoyo, dispositivos y ayudas compensatorias que promuevan la vida independiente para personas con discapacidad\u201d; a su vez, a trav\u00e9s del Servicio S13 \u201cOtorgamiento de productos de apoyo prioritario para las personas con discapacidad\u00bb define al proceso integral que incluye la identificaci\u00f3n de necesidades, la evaluaci\u00f3n m\u00e9dica especializada y la entrega de productos de apoyo en concordancia con la condici\u00f3n socioecon\u00f3mica, geogr\u00e1fica y cultural de cada persona;<\/p>\n<p>Que, con Resoluci\u00f3n de Presidencia N\u00b0 D000240-2024-CONADIS-PRE, se aprueba la \u00abHoja de Ruta en Tecnolog\u00eda de Apoyo para el Periodo 2024 &#8211; 2030\u00bb, cuyo objetivo es orientar la intervenci\u00f3n gubernamental para promover el acceso y uso de la tecnolog\u00eda de apoyo a las personas con discapacidad en el Per\u00fa;<\/p>\n<p>Que, mediante Informe N D000016-2025-CONADIS-SDSPGE-MALO, la Subdirecci\u00f3n de Seguimiento de Pol\u00edticas y Generaci\u00f3n de Evidencia de CONADIS, precisa que la provisi\u00f3n de tecnolog\u00edas de apoyo constituye un eje central para garantizar el ejercicio efectivo de los derechos de las personas con discapacidad, al reducir barreras funcionales y favorecer su participaci\u00f3n plena en la vida social, educativa, laboral y comunitaria, lo cual es reforzado por la Pol\u00edtica Nacional Multisectorial en Discapacidad para el Desarrollo al 2030 y por la Hoja de Ruta en Tecnolog\u00eda de Apoyo para el periodo 2024-2030, instrumentos que reflejan un compromiso del Estado peruano con el cierre de brechas hist\u00f3ricas y con la construcci\u00f3n de un sistema articulado y sostenible que garantice que las personas con discapacidad cuenten con los apoyos necesarios para ejercer sus derechos en condiciones de dignidad y vida independiente;<\/p>\n<p>Que, a trav\u00e9s del Informe N\u00b0 0000269-2025-CONADIS-SDRID-BERP, La Direcci\u00f3n de Promoci\u00f3n, Registro e Intervenciones para las Personas con Discapacidad de CONADIS, informa que como resultado de su articulaci\u00f3n con el MIMP la Fundaci\u00f3n Internacional WeloveU, don\u00f3 400 sillas de ruedas de tama\u00f1o est\u00e1ndar para adultos; por lo que propone realizar un reconocimiento institucional a dicha Fundaci\u00f3n toda vez que la acci\u00f3n descrita de ayuda biomec\u00e1nica brindada constituye una labor de apoyo que favorece a las personas con discapacidad;<\/p>\n<p>Que, dicha contribuci\u00f3n se alinea con los objetivos sectoriales del MIMP y complementa los esfuerzos del Estado para garantizar el derecho a la accesibilidad, fomentando as\u00ed, la igualdad de oportunidades;<\/p>\n<p>Que, en consecuencia, resulta necesario reconocer p\u00fablicamente la valiosa labor realizada por la mencionada Fundaci\u00f3n en beneficio de la poblaci\u00f3n vulnerable del pa\u00eds;<\/p>\n<p>Con el visado del Despacho Viceministerial de Poblaciones Vulnerables; de la Secretar\u00eda General, y de la Oficina General de Asesor\u00eda Jur\u00eddica;<\/p>\n<p>De conformidad con lo dispuesto en el Decreto Legislativo N\u00b0 1098, Ley de Organizaci\u00f3n y Funciones del MIMP; la Ley N\u00b0 29973, Ley General de la Persona con Discapacidad; la Pol\u00edtica Nacional Multisectorial en Discapacidad al 2030, aprobada por Decreto Supremo N\u00b0 007-2021-MIMP; la \u201cHoja de Ruta en Tecnolog\u00eda de Apoyo para el Periodo 2024-2030&#8243;, aprobada por Resoluci\u00f3n de Presidencia N\u00b0 D000240-2024-CONADIS-PRE; y el Texto Integrado del Reglamento de Organizaci\u00f3n y Funciones del Ministerio de la Mujer y Poblaciones Vulnerables, aprobado por Resoluci\u00f3n Ministerial N\u00b0 00380-2025-MIMP;<\/p>\n<p><strong><strong><strong>SE RESUELVE:<\/strong><\/strong><\/strong><\/p>\n<p><strong>Art\u00edculo 1.-<\/strong> Otorgar el reconocimiento p\u00fablico a la <strong>Fundaci\u00f3n Internacional WeloveU<\/strong>, en m\u00e9rito a la entrega solidaria de 400 sillas de ruedas destinadas a personas con discapacidad y otros grupos en situaci\u00f3n de vulnerabilidad, contribuyendo de manera significativa al ejercicio del derecho a la accesibilidad.<\/p>\n<p><strong>Art\u00edculo 2.-<\/strong> Disponer la publicaci\u00f3n de la presente Resoluci\u00f3n Ministerial en la Plataforma Digital \u00danica del Estado Peruano para Orientaci\u00f3n al Ciudadano (<a href=\"http:\/\/www.gob.pe\">www.gob.pe<\/a>) y en la sede digital del Ministerio de la Mujer y Poblaciones Vulnerables(<a href=\"http:\/\/www.gob.pe\/mimp\">www.gob.pe\/mimp<\/a>).<\/p>\n<p><strong>Reg\u00edstrese y comun\u00edquese.<\/strong><\/p>\n<p>Documento firmado digitalmente<\/p>\n<p><strong>SANDRA LIZ GUTIERREZ CUBA<\/strong><br>MINISTRA<br>MINISTERIO DE LA MUJER Y POBLACIONES VULNERABLES<\/p>\n","protected":false},"excerpt":{"rendered":"Lima, 16 de Diciembre del 2025 RESOLUCI\u00d3N MINISTERIAL N\u00b0 000443-2025-MIMP VISTOS, los Informes N\u00b0D000269-2025-CONADIS-SDRID-BERP y N\u00b0 D000016-2025-CONADIS-SDSPGE-MALO de la Direcci\u00f3n de Promoci\u00f3n, Registro e Intervenciones para las Personas con Discapacidad y la Subdirecci\u00f3n de Seguimiento de Pol\u00edticas y Generaci\u00f3n de Evidencia del Consejo Nacional para la Integraci\u00f3n de la Persona con Discapacidad; el Memor\u00e1ndum N\u00b0&#8230;","protected":false},"author":13,"featured_media":241223,"menu_order":0,"comment_status":"closed","ping_status":"closed","template":"","format":"standard","meta":{"footnotes":""},"categories":[218,217],"tags":[],"location":[398],"class_list":["post-242192","award","type-award","status-publish","format-standard","has-post-thumbnail","hentry","category-letters-plaques-of-appreciation","category-awards-received","location-peru"],"yoast_head":"<!-- This site is optimized with the Yoast SEO plugin v26.8 - https:\/\/yoast.com\/product\/yoast-seo-wordpress\/ -->\n<title>Resoluci\u00f3n de la Ministra de la Mujer y Poblaciones Vulnerables, PER\u00da - Fundaci\u00f3n Internacional WeLoveU<\/title>\n<meta name=\"robots\" content=\"index, follow, max-snippet:-1, max-image-preview:large, max-video-preview:-1\" \/>\n<link rel=\"canonical\" href=\"https:\/\/intlweloveu.org\/es\/award\/251216-ministerial-resolution-mimp\/\" \/>\n<meta property=\"og:locale\" content=\"es_ES\" \/>\n<meta property=\"og:type\" content=\"article\" \/>\n<meta property=\"og:title\" content=\"Resoluci\u00f3n de la Ministra de la Mujer y Poblaciones Vulnerables, PER\u00da - Fundaci\u00f3n Internacional WeLoveU\" \/>\n<meta property=\"og:description\" content=\"Lima, 16 de Diciembre del 2025 RESOLUCI\u00d3N MINISTERIAL N\u00b0 000443-2025-MIMP VISTOS, los Informes N\u00b0D000269-2025-CONADIS-SDRID-BERP y N\u00b0 D000016-2025-CONADIS-SDSPGE-MALO de la Direcci\u00f3n de Promoci\u00f3n, Registro e Intervenciones para las Personas con Discapacidad y la Subdirecci\u00f3n de Seguimiento de Pol\u00edticas y Generaci\u00f3n de Evidencia del Consejo Nacional para la Integraci\u00f3n de la Persona con Discapacidad; el Memor\u00e1ndum N\u00b0...\" \/>\n<meta property=\"og:url\" content=\"https:\/\/intlweloveu.org\/es\/award\/251216-ministerial-resolution-mimp\/\" \/>\n<meta property=\"og:site_name\" content=\"Fundaci\u00f3n Internacional WeLoveU\" \/>\n<meta property=\"article:modified_time\" content=\"2026-04-15T02:14:28+00:00\" \/>\n<meta property=\"og:image\" content=\"https:\/\/intlweloveu.org\/wp-content\/uploads\/2026\/04\/img_251216_ministerial_resolution_mimp.jpg\" \/>\n\t<meta property=\"og:image:width\" content=\"2000\" \/>\n\t<meta property=\"og:image:height\" content=\"926\" \/>\n\t<meta property=\"og:image:type\" content=\"image\/jpeg\" \/>\n<meta name=\"twitter:card\" content=\"summary_large_image\" \/>\n<meta name=\"twitter:label1\" content=\"Tiempo de lectura\" \/>\n\t<meta name=\"twitter:data1\" content=\"6 minutos\" \/>\n<script type=\"application\/ld+json\" class=\"yoast-schema-graph\">{\"@context\":\"https:\/\/schema.org\",\"@graph\":[{\"@type\":\"WebPage\",\"@id\":\"https:\/\/intlweloveu.org\/es\/award\/251216-ministerial-resolution-mimp\/\",\"url\":\"https:\/\/intlweloveu.org\/es\/award\/251216-ministerial-resolution-mimp\/\",\"name\":\"Resoluci\u00f3n de la Ministra de la Mujer y Poblaciones Vulnerables, PER\u00da - Fundaci\u00f3n Internacional WeLoveU\",\"isPartOf\":{\"@id\":\"https:\/\/intlweloveu.org\/#website\"},\"primaryImageOfPage\":{\"@id\":\"https:\/\/intlweloveu.org\/es\/award\/251216-ministerial-resolution-mimp\/#primaryimage\"},\"image\":{\"@id\":\"https:\/\/intlweloveu.org\/es\/award\/251216-ministerial-resolution-mimp\/#primaryimage\"},\"thumbnailUrl\":\"https:\/\/intlweloveu.org\/wp-content\/uploads\/2026\/04\/img_251216_ministerial_resolution_mimp.jpg\",\"datePublished\":\"2025-12-16T06:54:52+00:00\",\"dateModified\":\"2026-04-15T02:14:28+00:00\",\"breadcrumb\":{\"@id\":\"https:\/\/intlweloveu.org\/es\/award\/251216-ministerial-resolution-mimp\/#breadcrumb\"},\"inLanguage\":\"es\",\"potentialAction\":[{\"@type\":\"ReadAction\",\"target\":[\"https:\/\/intlweloveu.org\/es\/award\/251216-ministerial-resolution-mimp\/\"]}]},{\"@type\":\"ImageObject\",\"inLanguage\":\"es\",\"@id\":\"https:\/\/intlweloveu.org\/es\/award\/251216-ministerial-resolution-mimp\/#primaryimage\",\"url\":\"https:\/\/intlweloveu.org\/wp-content\/uploads\/2026\/04\/img_251216_ministerial_resolution_mimp.jpg\",\"contentUrl\":\"https:\/\/intlweloveu.org\/wp-content\/uploads\/2026\/04\/img_251216_ministerial_resolution_mimp.jpg\",\"width\":2000,\"height\":926},{\"@type\":\"BreadcrumbList\",\"@id\":\"https:\/\/intlweloveu.org\/es\/award\/251216-ministerial-resolution-mimp\/#breadcrumb\",\"itemListElement\":[{\"@type\":\"ListItem\",\"position\":1,\"name\":\"\ud648\",\"item\":\"https:\/\/intlweloveu.org\/es\/\"},{\"@type\":\"ListItem\",\"position\":2,\"name\":\"Resoluci\u00f3n de la Ministra de la Mujer y Poblaciones Vulnerables, PER\u00da\"}]},{\"@type\":\"WebSite\",\"@id\":\"https:\/\/intlweloveu.org\/#website\",\"url\":\"https:\/\/intlweloveu.org\/\",\"name\":\"The Intl. WeLoveU Foundation\",\"description\":\"El Amor de la Madre al Mundo Entero\",\"alternateName\":\"\uad6d\uc81c\uc704\ub7ec\ube0c\uc720\uc6b4\ub3d9\ubcf8\ubd80\",\"potentialAction\":[{\"@type\":\"SearchAction\",\"target\":{\"@type\":\"EntryPoint\",\"urlTemplate\":\"https:\/\/intlweloveu.org\/?s={search_term_string}\"},\"query-input\":{\"@type\":\"PropertyValueSpecification\",\"valueRequired\":true,\"valueName\":\"search_term_string\"}}],\"inLanguage\":\"es\"}]}<\/script>\n<!-- \/ Yoast SEO plugin. -->","yoast_head_json":{"title":"Resoluci\u00f3n de la Ministra de la Mujer y Poblaciones Vulnerables, PER\u00da - Fundaci\u00f3n Internacional WeLoveU","robots":{"index":"index","follow":"follow","max-snippet":"max-snippet:-1","max-image-preview":"max-image-preview:large","max-video-preview":"max-video-preview:-1"},"canonical":"https:\/\/intlweloveu.org\/es\/award\/251216-ministerial-resolution-mimp\/","og_locale":"es_ES","og_type":"article","og_title":"Resoluci\u00f3n de la Ministra de la Mujer y Poblaciones Vulnerables, PER\u00da - Fundaci\u00f3n Internacional WeLoveU","og_description":"Lima, 16 de Diciembre del 2025 RESOLUCI\u00d3N MINISTERIAL N\u00b0 000443-2025-MIMP VISTOS, los Informes N\u00b0D000269-2025-CONADIS-SDRID-BERP y N\u00b0 D000016-2025-CONADIS-SDSPGE-MALO de la Direcci\u00f3n de Promoci\u00f3n, Registro e Intervenciones para las Personas con Discapacidad y la Subdirecci\u00f3n de Seguimiento de Pol\u00edticas y Generaci\u00f3n de Evidencia del Consejo Nacional para la Integraci\u00f3n de la Persona con Discapacidad; el Memor\u00e1ndum N\u00b0...","og_url":"https:\/\/intlweloveu.org\/es\/award\/251216-ministerial-resolution-mimp\/","og_site_name":"Fundaci\u00f3n Internacional WeLoveU","article_modified_time":"2026-04-15T02:14:28+00:00","og_image":[{"width":2000,"height":926,"url":"https:\/\/intlweloveu.org\/wp-content\/uploads\/2026\/04\/img_251216_ministerial_resolution_mimp.jpg","type":"image\/jpeg"}],"twitter_card":"summary_large_image","twitter_misc":{"Tiempo de lectura":"6 minutos"},"schema":{"@context":"https:\/\/schema.org","@graph":[{"@type":"WebPage","@id":"https:\/\/intlweloveu.org\/es\/award\/251216-ministerial-resolution-mimp\/","url":"https:\/\/intlweloveu.org\/es\/award\/251216-ministerial-resolution-mimp\/","name":"Resoluci\u00f3n de la Ministra de la Mujer y Poblaciones Vulnerables, PER\u00da - Fundaci\u00f3n Internacional WeLoveU","isPartOf":{"@id":"https:\/\/intlweloveu.org\/#website"},"primaryImageOfPage":{"@id":"https:\/\/intlweloveu.org\/es\/award\/251216-ministerial-resolution-mimp\/#primaryimage"},"image":{"@id":"https:\/\/intlweloveu.org\/es\/award\/251216-ministerial-resolution-mimp\/#primaryimage"},"thumbnailUrl":"https:\/\/intlweloveu.org\/wp-content\/uploads\/2026\/04\/img_251216_ministerial_resolution_mimp.jpg","datePublished":"2025-12-16T06:54:52+00:00","dateModified":"2026-04-15T02:14:28+00:00","breadcrumb":{"@id":"https:\/\/intlweloveu.org\/es\/award\/251216-ministerial-resolution-mimp\/#breadcrumb"},"inLanguage":"es","potentialAction":[{"@type":"ReadAction","target":["https:\/\/intlweloveu.org\/es\/award\/251216-ministerial-resolution-mimp\/"]}]},{"@type":"ImageObject","inLanguage":"es","@id":"https:\/\/intlweloveu.org\/es\/award\/251216-ministerial-resolution-mimp\/#primaryimage","url":"https:\/\/intlweloveu.org\/wp-content\/uploads\/2026\/04\/img_251216_ministerial_resolution_mimp.jpg","contentUrl":"https:\/\/intlweloveu.org\/wp-content\/uploads\/2026\/04\/img_251216_ministerial_resolution_mimp.jpg","width":2000,"height":926},{"@type":"BreadcrumbList","@id":"https:\/\/intlweloveu.org\/es\/award\/251216-ministerial-resolution-mimp\/#breadcrumb","itemListElement":[{"@type":"ListItem","position":1,"name":"\ud648","item":"https:\/\/intlweloveu.org\/es\/"},{"@type":"ListItem","position":2,"name":"Resoluci\u00f3n de la Ministra de la Mujer y Poblaciones Vulnerables, PER\u00da"}]},{"@type":"WebSite","@id":"https:\/\/intlweloveu.org\/#website","url":"https:\/\/intlweloveu.org\/","name":"The Intl. WeLoveU Foundation","description":"El Amor de la Madre al Mundo Entero","alternateName":"\uad6d\uc81c\uc704\ub7ec\ube0c\uc720\uc6b4\ub3d9\ubcf8\ubd80","potentialAction":[{"@type":"SearchAction","target":{"@type":"EntryPoint","urlTemplate":"https:\/\/intlweloveu.org\/?s={search_term_string}"},"query-input":{"@type":"PropertyValueSpecification","valueRequired":true,"valueName":"search_term_string"}}],"inLanguage":"es"}]}},"_links":{"self":[{"href":"https:\/\/intlweloveu.org\/es\/wp-json\/wp\/v2\/award\/242192","targetHints":{"allow":["GET"]}}],"collection":[{"href":"https:\/\/intlweloveu.org\/es\/wp-json\/wp\/v2\/award"}],"about":[{"href":"https:\/\/intlweloveu.org\/es\/wp-json\/wp\/v2\/types\/award"}],"author":[{"embeddable":true,"href":"https:\/\/intlweloveu.org\/es\/wp-json\/wp\/v2\/users\/13"}],"replies":[{"embeddable":true,"href":"https:\/\/intlweloveu.org\/es\/wp-json\/wp\/v2\/comments?post=242192"}],"version-history":[{"count":3,"href":"https:\/\/intlweloveu.org\/es\/wp-json\/wp\/v2\/award\/242192\/revisions"}],"predecessor-version":[{"id":242196,"href":"https:\/\/intlweloveu.org\/es\/wp-json\/wp\/v2\/award\/242192\/revisions\/242196"}],"wp:featuredmedia":[{"embeddable":true,"href":"https:\/\/intlweloveu.org\/es\/wp-json\/wp\/v2\/media\/241223"}],"wp:attachment":[{"href":"https:\/\/intlweloveu.org\/es\/wp-json\/wp\/v2\/media?parent=242192"}],"wp:term":[{"taxonomy":"category","embeddable":true,"href":"https:\/\/intlweloveu.org\/es\/wp-json\/wp\/v2\/categories?post=242192"},{"taxonomy":"post_tag","embeddable":true,"href":"https:\/\/intlweloveu.org\/es\/wp-json\/wp\/v2\/tags?post=242192"},{"taxonomy":"location","embeddable":true,"href":"https:\/\/intlweloveu.org\/es\/wp-json\/wp\/v2\/location?post=242192"}],"curies":[{"name":"wp","href":"https:\/\/api.w.org\/{rel}","templated":true}]}}