{"id":194383,"date":"2019-09-30T17:48:21","date_gmt":"2019-09-30T17:48:21","guid":{"rendered":"https:\/\/intlweloveu.org\/award\/mexico-mpe-appreciation-plaque\/"},"modified":"2025-12-19T01:36:10","modified_gmt":"2025-12-19T01:36:10","slug":"mexico-mpe-appreciation-plaque","status":"publish","type":"award","link":"https:\/\/intlweloveu.org\/es\/award\/mexico-mpe-appreciation-plaque\/","title":{"rendered":"Placa de Agradecimiento de la Secretar\u00eda de Educaci\u00f3n P\u00fablica, M\u00e9xico"},"content":{"rendered":"<p>[vc_row row_height_percent=\u00bb0&#8243; override_padding=\u00bbyes\u00bb h_padding=\u00bb2&#8243; top_padding=\u00bb2&#8243; bottom_padding=\u00bb0&#8243; overlay_alpha=\u00bb50&#8243; gutter_size=\u00bb0&#8243; shift_y=\u00bb0&#8243; el_class=\u00bbaward-content-p\u00bb css=\u00bb.vc_custom_1498029563709{border-top-width: 0px !important;padding-top: 0px !important;}\u00bb][vc_column column_width_use_pixel=\u00bbyes\u00bb align_horizontal=\u00bbalign_center\u00bb gutter_size=\u00bb0&#8243; override_padding=\u00bbyes\u00bb column_padding=\u00bb0&#8243; overlay_alpha=\u00bb50&#8243; shift_x=\u00bb0&#8243; shift_y=\u00bb0&#8243; shift_y_down=\u00bb0&#8243; z_index=\u00bb0&#8243; medium_width=\u00bb0&#8243; mobile_width=\u00bb0&#8243; column_width_pixel=\u00bb672&#8243;][vc_single_image media=\u00bb144090&#8243; media_width_percent=\u00bb100&#8243; alignment=\u00bbcenter\u00bb shadow=\u00bbyes\u00bb shadow_weight=\u00bbxs\u00bb shadow_darker=\u00bbyes\u00bb advanced=\u00bbyes\u00bb media_overlay_opacity=\u00bb50&#8243; media_overlay_anim=\u00bbno\u00bb media_text_anim=\u00bbno\u00bb media_image_anim=\u00bbno\u00bb media_padding=\u00bb2&#8243; el_class=\u00bbaward_content-img\u00bb][vc_empty_space empty_h=\u00bb2&#8243;][vc_row_inner row_inner_height_percent=\u00bb0&#8243; overlay_alpha=\u00bb50&#8243; gutter_size=\u00bb2&#8243; shift_y=\u00bb0&#8243; z_index=\u00bb0&#8243;][vc_column_inner column_width_percent=\u00bb100&#8243; position_vertical=\u00bbmiddle\u00bb gutter_size=\u00bb3&#8243; overlay_alpha=\u00bb50&#8243; shift_x=\u00bb0&#8243; shift_y=\u00bb0&#8243; shift_y_down=\u00bb0&#8243; z_index=\u00bb0&#8243; medium_width=\u00bb4&#8243; mobile_width=\u00bb4&#8243; width=\u00bb1\/2&#8243;][vc_custom_heading heading_semantic=\u00bbp\u00bb text_size=\u00bbfontsize-200112&#8243; text_weight=\u00bb600&#8243;]<span style=\"color: #800000;\">SEP<\/span>\nSECRETAPIA DE\nEDUCACION PUBLICA [\/vc_custom_heading][\/vc_column_inner][vc_column_inner column_width_percent=\u00bb100&#8243; position_vertical=\u00bbmiddle\u00bb align_horizontal=\u00bbalign_right\u00bb gutter_size=\u00bb3&#8243; overlay_alpha=\u00bb50&#8243; shift_x=\u00bb0&#8243; shift_y=\u00bb0&#8243; shift_y_down=\u00bb0&#8243; z_index=\u00bb0&#8243; medium_width=\u00bb4&#8243; mobile_width=\u00bb4&#8243; width=\u00bb1\/2&#8243;][vc_custom_heading heading_semantic=\u00bbp\u00bb text_size=\u00bbfontsize-200112&#8243; text_weight=\u00bb600&#8243;]URBANA MATUTINA\nINDEPENDENCIA\nOAXACA[\/vc_custom_heading][\/vc_column_inner][\/vc_row_inner][vc_custom_heading heading_semantic=\u00bbp\u00bb text_size=\u00bbfontsize-130804&#8243; text_weight=\u00bb600&#8243;]SECRETAR\u00cdA DE EDUCACI\u00d3N P\u00daBLICA\nINSTITUTO ESTATAL DE EDUCACI\u00d3N P\u00daBLICA DE OAXACA[\/vc_custom_heading][vc_custom_heading heading_semantic=\u00bbp\u00bb text_size=\u00bbfontsize-130804&#8243; text_weight=\u00bb600&#8243;]SUPERVISI\u00d3N 021 DE EDUCACI\u00d3N PRIMARIA GENERAL CLAVE: 20DSN0021\nESCUELA PRIMARIA URBANA MATUTINA \u201cINDEPENDENCIA\u201d CLAVE:20DPR3142C[\/vc_custom_heading][vc_empty_space empty_h=\u00bb2&#8243;][vc_custom_heading text_size=\u00bb\u00bb text_weight=\u00bb600&#8243;]<span style=\"color: #000080;\">Agradece<\/span>[\/vc_custom_heading][vc_empty_space empty_h=\u00bb2&#8243;][vc_custom_heading heading_semantic=\u00bbp\u00bb text_size=\u00bb\u00bb]<strong>A: Zahng Gil-Jah<\/strong>\nPRESIDENTA DE LA FUNDACI\u00d3N INTERNACIONAL WELOVEU[\/vc_custom_heading][vc_empty_space empty_h=\u00bb1&#8243;][vc_column_text]POR HABER REALIZADO EL MANTENIMIENTO DE SANITARIOS EN ESTA INSTITUCI\u00d3N.[\/vc_column_text][vc_column_text el_class=\u00bbtext-align-right\u00bb]SEPTIEMBRE \/ 2019[\/vc_column_text][\/vc_column][\/vc_row]<\/p>\n","protected":false},"excerpt":{"rendered":"[vc_row row_height_percent=\u00bb0&#8243; override_padding=\u00bbyes\u00bb h_padding=\u00bb2&#8243; top_padding=\u00bb2&#8243; bottom_padding=\u00bb0&#8243; overlay_alpha=\u00bb50&#8243; gutter_size=\u00bb0&#8243; shift_y=\u00bb0&#8243; el_class=\u00bbaward-content-p\u00bb css=\u00bb.vc_custom_1498029563709{border-top-width: 0px !important;padding-top: 0px !important;}\u00bb][vc_column column_width_use_pixel=\u00bbyes\u00bb align_horizontal=\u00bbalign_center\u00bb gutter_size=\u00bb0&#8243; override_padding=\u00bbyes\u00bb column_padding=\u00bb0&#8243; overlay_alpha=\u00bb50&#8243; shift_x=\u00bb0&#8243; shift_y=\u00bb0&#8243; shift_y_down=\u00bb0&#8243; z_index=\u00bb0&#8243; medium_width=\u00bb0&#8243; mobile_width=\u00bb0&#8243; column_width_pixel=\u00bb672&#8243;][vc_single_image media=\u00bb144090&#8243; media_width_percent=\u00bb100&#8243; alignment=\u00bbcenter\u00bb shadow=\u00bbyes\u00bb shadow_weight=\u00bbxs\u00bb shadow_darker=\u00bbyes\u00bb advanced=\u00bbyes\u00bb media_overlay_opacity=\u00bb50&#8243; media_overlay_anim=\u00bbno\u00bb media_text_anim=\u00bbno\u00bb media_image_anim=\u00bbno\u00bb media_padding=\u00bb2&#8243; el_class=\u00bbaward_content-img\u00bb][vc_empty_space empty_h=\u00bb2&#8243;][vc_row_inner row_inner_height_percent=\u00bb0&#8243; overlay_alpha=\u00bb50&#8243; gutter_size=\u00bb2&#8243; shift_y=\u00bb0&#8243; z_index=\u00bb0&#8243;][vc_column_inner column_width_percent=\u00bb100&#8243; position_vertical=\u00bbmiddle\u00bb gutter_size=\u00bb3&#8243; overlay_alpha=\u00bb50&#8243; shift_x=\u00bb0&#8243; shift_y=\u00bb0&#8243; shift_y_down=\u00bb0&#8243; z_index=\u00bb0&#8243;&#8230;","protected":false},"author":2,"featured_media":194384,"menu_order":0,"comment_status":"open","ping_status":"open","template":"","format":"standard","meta":{"footnotes":""},"categories":[218,217],"tags":[],"location":[],"class_list":["post-194383","award","type-award","status-publish","format-standard","has-post-thumbnail","hentry","category-letters-plaques-of-appreciation","category-awards-received"],"yoast_head":"<!-- This site is optimized with the Yoast SEO plugin v26.8 - https:\/\/yoast.com\/product\/yoast-seo-wordpress\/ -->\n<title>Placa de Agradecimiento de la Secretar\u00eda de Educaci\u00f3n P\u00fablica, M\u00e9xico - Fundaci\u00f3n Internacional WeLoveU<\/title>\n<meta name=\"robots\" content=\"index, follow, max-snippet:-1, max-image-preview:large, max-video-preview:-1\" \/>\n<link rel=\"canonical\" href=\"https:\/\/intlweloveu.org\/es\/award\/mexico-mpe-appreciation-plaque\/\" \/>\n<meta property=\"og:locale\" content=\"es_ES\" \/>\n<meta property=\"og:type\" content=\"article\" \/>\n<meta property=\"og:title\" content=\"Placa de Agradecimiento de la Secretar\u00eda de Educaci\u00f3n P\u00fablica, M\u00e9xico - Fundaci\u00f3n Internacional WeLoveU\" \/>\n<meta property=\"og:description\" content=\"[vc_row row_height_percent=\u00bb0&#8243; override_padding=\u00bbyes\u00bb h_padding=\u00bb2&#8243; top_padding=\u00bb2&#8243; bottom_padding=\u00bb0&#8243; overlay_alpha=\u00bb50&#8243; gutter_size=\u00bb0&#8243; shift_y=\u00bb0&#8243; el_class=\u00bbaward-content-p\u00bb css=\u00bb.vc_custom_1498029563709{border-top-width: 0px !important;padding-top: 0px !important;}\u00bb][vc_column column_width_use_pixel=\u00bbyes\u00bb align_horizontal=\u00bbalign_center\u00bb gutter_size=\u00bb0&#8243; override_padding=\u00bbyes\u00bb column_padding=\u00bb0&#8243; overlay_alpha=\u00bb50&#8243; shift_x=\u00bb0&#8243; shift_y=\u00bb0&#8243; shift_y_down=\u00bb0&#8243; z_index=\u00bb0&#8243; medium_width=\u00bb0&#8243; mobile_width=\u00bb0&#8243; column_width_pixel=\u00bb672&#8243;][vc_single_image media=\u00bb144090&#8243; media_width_percent=\u00bb100&#8243; alignment=\u00bbcenter\u00bb shadow=\u00bbyes\u00bb shadow_weight=\u00bbxs\u00bb shadow_darker=\u00bbyes\u00bb advanced=\u00bbyes\u00bb media_overlay_opacity=\u00bb50&#8243; media_overlay_anim=\u00bbno\u00bb media_text_anim=\u00bbno\u00bb media_image_anim=\u00bbno\u00bb media_padding=\u00bb2&#8243; el_class=\u00bbaward_content-img\u00bb][vc_empty_space empty_h=\u00bb2&#8243;][vc_row_inner row_inner_height_percent=\u00bb0&#8243; overlay_alpha=\u00bb50&#8243; gutter_size=\u00bb2&#8243; shift_y=\u00bb0&#8243; z_index=\u00bb0&#8243;][vc_column_inner column_width_percent=\u00bb100&#8243; position_vertical=\u00bbmiddle\u00bb gutter_size=\u00bb3&#8243; overlay_alpha=\u00bb50&#8243; shift_x=\u00bb0&#8243; shift_y=\u00bb0&#8243; shift_y_down=\u00bb0&#8243; z_index=\u00bb0&#8243;...\" \/>\n<meta property=\"og:url\" content=\"https:\/\/intlweloveu.org\/es\/award\/mexico-mpe-appreciation-plaque\/\" \/>\n<meta property=\"og:site_name\" content=\"Fundaci\u00f3n Internacional WeLoveU\" \/>\n<meta property=\"article:modified_time\" content=\"2025-12-19T01:36:10+00:00\" \/>\n<meta property=\"og:image\" content=\"https:\/\/intlweloveu.org\/wp-content\/uploads\/2020\/03\/20190900-Mexico-mpe-appreciation-plaque.jpg\" \/>\n\t<meta property=\"og:image:width\" content=\"1000\" \/>\n\t<meta property=\"og:image:height\" content=\"719\" \/>\n\t<meta property=\"og:image:type\" content=\"image\/jpeg\" \/>\n<meta name=\"twitter:card\" content=\"summary_large_image\" \/>\n<meta name=\"twitter:label1\" content=\"Tiempo de lectura\" \/>\n\t<meta name=\"twitter:data1\" content=\"2 minutos\" \/>\n<script type=\"application\/ld+json\" class=\"yoast-schema-graph\">{\"@context\":\"https:\/\/schema.org\",\"@graph\":[{\"@type\":\"WebPage\",\"@id\":\"https:\/\/intlweloveu.org\/es\/award\/mexico-mpe-appreciation-plaque\/\",\"url\":\"https:\/\/intlweloveu.org\/es\/award\/mexico-mpe-appreciation-plaque\/\",\"name\":\"Placa de Agradecimiento de la Secretar\u00eda de Educaci\u00f3n P\u00fablica, M\u00e9xico - Fundaci\u00f3n Internacional WeLoveU\",\"isPartOf\":{\"@id\":\"https:\/\/intlweloveu.org\/#website\"},\"primaryImageOfPage\":{\"@id\":\"https:\/\/intlweloveu.org\/es\/award\/mexico-mpe-appreciation-plaque\/#primaryimage\"},\"image\":{\"@id\":\"https:\/\/intlweloveu.org\/es\/award\/mexico-mpe-appreciation-plaque\/#primaryimage\"},\"thumbnailUrl\":\"https:\/\/intlweloveu.org\/wp-content\/uploads\/2020\/03\/20190900-Mexico-mpe-appreciation-plaque.jpg\",\"datePublished\":\"2019-09-30T17:48:21+00:00\",\"dateModified\":\"2025-12-19T01:36:10+00:00\",\"breadcrumb\":{\"@id\":\"https:\/\/intlweloveu.org\/es\/award\/mexico-mpe-appreciation-plaque\/#breadcrumb\"},\"inLanguage\":\"es\",\"potentialAction\":[{\"@type\":\"ReadAction\",\"target\":[\"https:\/\/intlweloveu.org\/es\/award\/mexico-mpe-appreciation-plaque\/\"]}]},{\"@type\":\"ImageObject\",\"inLanguage\":\"es\",\"@id\":\"https:\/\/intlweloveu.org\/es\/award\/mexico-mpe-appreciation-plaque\/#primaryimage\",\"url\":\"https:\/\/intlweloveu.org\/wp-content\/uploads\/2020\/03\/20190900-Mexico-mpe-appreciation-plaque.jpg\",\"contentUrl\":\"https:\/\/intlweloveu.org\/wp-content\/uploads\/2020\/03\/20190900-Mexico-mpe-appreciation-plaque.jpg\",\"width\":1000,\"height\":719},{\"@type\":\"BreadcrumbList\",\"@id\":\"https:\/\/intlweloveu.org\/es\/award\/mexico-mpe-appreciation-plaque\/#breadcrumb\",\"itemListElement\":[{\"@type\":\"ListItem\",\"position\":1,\"name\":\"\ud648\",\"item\":\"https:\/\/intlweloveu.org\/es\/\"},{\"@type\":\"ListItem\",\"position\":2,\"name\":\"Placa de Agradecimiento de la Secretar\u00eda de Educaci\u00f3n P\u00fablica, M\u00e9xico\"}]},{\"@type\":\"WebSite\",\"@id\":\"https:\/\/intlweloveu.org\/#website\",\"url\":\"https:\/\/intlweloveu.org\/\",\"name\":\"The Intl. WeLoveU Foundation\",\"description\":\"El Amor de la Madre al Mundo Entero\",\"alternateName\":\"\uad6d\uc81c\uc704\ub7ec\ube0c\uc720\uc6b4\ub3d9\ubcf8\ubd80\",\"potentialAction\":[{\"@type\":\"SearchAction\",\"target\":{\"@type\":\"EntryPoint\",\"urlTemplate\":\"https:\/\/intlweloveu.org\/?s={search_term_string}\"},\"query-input\":{\"@type\":\"PropertyValueSpecification\",\"valueRequired\":true,\"valueName\":\"search_term_string\"}}],\"inLanguage\":\"es\"}]}<\/script>\n<!-- \/ Yoast SEO plugin. -->","yoast_head_json":{"title":"Placa de Agradecimiento de la Secretar\u00eda de Educaci\u00f3n P\u00fablica, M\u00e9xico - Fundaci\u00f3n Internacional WeLoveU","robots":{"index":"index","follow":"follow","max-snippet":"max-snippet:-1","max-image-preview":"max-image-preview:large","max-video-preview":"max-video-preview:-1"},"canonical":"https:\/\/intlweloveu.org\/es\/award\/mexico-mpe-appreciation-plaque\/","og_locale":"es_ES","og_type":"article","og_title":"Placa de Agradecimiento de la Secretar\u00eda de Educaci\u00f3n P\u00fablica, M\u00e9xico - Fundaci\u00f3n Internacional WeLoveU","og_description":"[vc_row row_height_percent=\u00bb0&#8243; override_padding=\u00bbyes\u00bb h_padding=\u00bb2&#8243; top_padding=\u00bb2&#8243; bottom_padding=\u00bb0&#8243; overlay_alpha=\u00bb50&#8243; gutter_size=\u00bb0&#8243; shift_y=\u00bb0&#8243; el_class=\u00bbaward-content-p\u00bb css=\u00bb.vc_custom_1498029563709{border-top-width: 0px !important;padding-top: 0px !important;}\u00bb][vc_column column_width_use_pixel=\u00bbyes\u00bb align_horizontal=\u00bbalign_center\u00bb gutter_size=\u00bb0&#8243; override_padding=\u00bbyes\u00bb column_padding=\u00bb0&#8243; overlay_alpha=\u00bb50&#8243; shift_x=\u00bb0&#8243; shift_y=\u00bb0&#8243; shift_y_down=\u00bb0&#8243; z_index=\u00bb0&#8243; medium_width=\u00bb0&#8243; mobile_width=\u00bb0&#8243; column_width_pixel=\u00bb672&#8243;][vc_single_image media=\u00bb144090&#8243; media_width_percent=\u00bb100&#8243; alignment=\u00bbcenter\u00bb shadow=\u00bbyes\u00bb shadow_weight=\u00bbxs\u00bb shadow_darker=\u00bbyes\u00bb advanced=\u00bbyes\u00bb media_overlay_opacity=\u00bb50&#8243; media_overlay_anim=\u00bbno\u00bb media_text_anim=\u00bbno\u00bb media_image_anim=\u00bbno\u00bb media_padding=\u00bb2&#8243; el_class=\u00bbaward_content-img\u00bb][vc_empty_space empty_h=\u00bb2&#8243;][vc_row_inner row_inner_height_percent=\u00bb0&#8243; overlay_alpha=\u00bb50&#8243; gutter_size=\u00bb2&#8243; shift_y=\u00bb0&#8243; z_index=\u00bb0&#8243;][vc_column_inner column_width_percent=\u00bb100&#8243; position_vertical=\u00bbmiddle\u00bb gutter_size=\u00bb3&#8243; overlay_alpha=\u00bb50&#8243; shift_x=\u00bb0&#8243; shift_y=\u00bb0&#8243; shift_y_down=\u00bb0&#8243; z_index=\u00bb0&#8243;...","og_url":"https:\/\/intlweloveu.org\/es\/award\/mexico-mpe-appreciation-plaque\/","og_site_name":"Fundaci\u00f3n Internacional WeLoveU","article_modified_time":"2025-12-19T01:36:10+00:00","og_image":[{"width":1000,"height":719,"url":"https:\/\/intlweloveu.org\/wp-content\/uploads\/2020\/03\/20190900-Mexico-mpe-appreciation-plaque.jpg","type":"image\/jpeg"}],"twitter_card":"summary_large_image","twitter_misc":{"Tiempo de lectura":"2 minutos"},"schema":{"@context":"https:\/\/schema.org","@graph":[{"@type":"WebPage","@id":"https:\/\/intlweloveu.org\/es\/award\/mexico-mpe-appreciation-plaque\/","url":"https:\/\/intlweloveu.org\/es\/award\/mexico-mpe-appreciation-plaque\/","name":"Placa de Agradecimiento de la Secretar\u00eda de Educaci\u00f3n P\u00fablica, M\u00e9xico - Fundaci\u00f3n Internacional WeLoveU","isPartOf":{"@id":"https:\/\/intlweloveu.org\/#website"},"primaryImageOfPage":{"@id":"https:\/\/intlweloveu.org\/es\/award\/mexico-mpe-appreciation-plaque\/#primaryimage"},"image":{"@id":"https:\/\/intlweloveu.org\/es\/award\/mexico-mpe-appreciation-plaque\/#primaryimage"},"thumbnailUrl":"https:\/\/intlweloveu.org\/wp-content\/uploads\/2020\/03\/20190900-Mexico-mpe-appreciation-plaque.jpg","datePublished":"2019-09-30T17:48:21+00:00","dateModified":"2025-12-19T01:36:10+00:00","breadcrumb":{"@id":"https:\/\/intlweloveu.org\/es\/award\/mexico-mpe-appreciation-plaque\/#breadcrumb"},"inLanguage":"es","potentialAction":[{"@type":"ReadAction","target":["https:\/\/intlweloveu.org\/es\/award\/mexico-mpe-appreciation-plaque\/"]}]},{"@type":"ImageObject","inLanguage":"es","@id":"https:\/\/intlweloveu.org\/es\/award\/mexico-mpe-appreciation-plaque\/#primaryimage","url":"https:\/\/intlweloveu.org\/wp-content\/uploads\/2020\/03\/20190900-Mexico-mpe-appreciation-plaque.jpg","contentUrl":"https:\/\/intlweloveu.org\/wp-content\/uploads\/2020\/03\/20190900-Mexico-mpe-appreciation-plaque.jpg","width":1000,"height":719},{"@type":"BreadcrumbList","@id":"https:\/\/intlweloveu.org\/es\/award\/mexico-mpe-appreciation-plaque\/#breadcrumb","itemListElement":[{"@type":"ListItem","position":1,"name":"\ud648","item":"https:\/\/intlweloveu.org\/es\/"},{"@type":"ListItem","position":2,"name":"Placa de Agradecimiento de la Secretar\u00eda de Educaci\u00f3n P\u00fablica, M\u00e9xico"}]},{"@type":"WebSite","@id":"https:\/\/intlweloveu.org\/#website","url":"https:\/\/intlweloveu.org\/","name":"The Intl. WeLoveU Foundation","description":"El Amor de la Madre al Mundo Entero","alternateName":"\uad6d\uc81c\uc704\ub7ec\ube0c\uc720\uc6b4\ub3d9\ubcf8\ubd80","potentialAction":[{"@type":"SearchAction","target":{"@type":"EntryPoint","urlTemplate":"https:\/\/intlweloveu.org\/?s={search_term_string}"},"query-input":{"@type":"PropertyValueSpecification","valueRequired":true,"valueName":"search_term_string"}}],"inLanguage":"es"}]}},"_links":{"self":[{"href":"https:\/\/intlweloveu.org\/es\/wp-json\/wp\/v2\/award\/194383","targetHints":{"allow":["GET"]}}],"collection":[{"href":"https:\/\/intlweloveu.org\/es\/wp-json\/wp\/v2\/award"}],"about":[{"href":"https:\/\/intlweloveu.org\/es\/wp-json\/wp\/v2\/types\/award"}],"author":[{"embeddable":true,"href":"https:\/\/intlweloveu.org\/es\/wp-json\/wp\/v2\/users\/2"}],"replies":[{"embeddable":true,"href":"https:\/\/intlweloveu.org\/es\/wp-json\/wp\/v2\/comments?post=194383"}],"version-history":[{"count":1,"href":"https:\/\/intlweloveu.org\/es\/wp-json\/wp\/v2\/award\/194383\/revisions"}],"predecessor-version":[{"id":194385,"href":"https:\/\/intlweloveu.org\/es\/wp-json\/wp\/v2\/award\/194383\/revisions\/194385"}],"wp:featuredmedia":[{"embeddable":true,"href":"https:\/\/intlweloveu.org\/es\/wp-json\/wp\/v2\/media\/194384"}],"wp:attachment":[{"href":"https:\/\/intlweloveu.org\/es\/wp-json\/wp\/v2\/media?parent=194383"}],"wp:term":[{"taxonomy":"category","embeddable":true,"href":"https:\/\/intlweloveu.org\/es\/wp-json\/wp\/v2\/categories?post=194383"},{"taxonomy":"post_tag","embeddable":true,"href":"https:\/\/intlweloveu.org\/es\/wp-json\/wp\/v2\/tags?post=194383"},{"taxonomy":"location","embeddable":true,"href":"https:\/\/intlweloveu.org\/es\/wp-json\/wp\/v2\/location?post=194383"}],"curies":[{"name":"wp","href":"https:\/\/api.w.org\/{rel}","templated":true}]}}